{"id":555,"date":"2025-01-13T09:08:18","date_gmt":"2025-01-13T12:08:18","guid":{"rendered":"http:\/\/131.72.216.38\/esic\/?page_id=555"},"modified":"2025-06-04T09:18:40","modified_gmt":"2025-06-04T12:18:40","slug":"relatorios-metas-fiscais-2","status":"publish","type":"page","link":"https:\/\/esic.portonacional.to.gov.br\/index.php\/relatorios-metas-fiscais-2\/","title":{"rendered":"Relat\u00f3rios Metas Fiscais"},"content":{"rendered":"\t\t<div data-elementor-type=\"wp-page\" data-elementor-id=\"555\" class=\"elementor elementor-555\">\n\t\t\t\t<div class=\"elementor-element elementor-element-b8605dd e-grid e-con-boxed e-con e-parent\" data-id=\"b8605dd\" data-element_type=\"container\" data-e-type=\"container\">\n\t\t\t\t\t<div class=\"e-con-inner\">\n\t\t\t\t<div class=\"elementor-element elementor-element-133b79d elementor-widget elementor-widget-heading\" data-id=\"133b79d\" data-element_type=\"widget\" data-e-type=\"widget\" data-widget_type=\"heading.default\">\n\t\t\t\t<div class=\"elementor-widget-container\">\n\t\t\t\t\t<h2 class=\"elementor-heading-title elementor-size-default\">Relat\u00f3rios - Metas Fiscais<\/h2>\t\t\t\t<\/div>\n\t\t\t\t<\/div>\n\t\t\t\t\t<\/div>\n\t\t\t\t<\/div>\n\t\t<div class=\"elementor-element elementor-element-cd52537 e-flex e-con-boxed e-con e-parent\" data-id=\"cd52537\" data-element_type=\"container\" data-e-type=\"container\">\n\t\t\t\t\t<div class=\"e-con-inner\">\n\t\t<div class=\"elementor-element elementor-element-c3dd384 e-grid e-con-full e-con e-child\" data-id=\"c3dd384\" data-element_type=\"container\" data-e-type=\"container\">\n\t\t\t\t<div class=\"elementor-element elementor-element-84b5771 elementor-widget elementor-widget-n-accordion\" data-id=\"84b5771\" data-element_type=\"widget\" data-e-type=\"widget\" data-settings=\"{&quot;default_state&quot;:&quot;expanded&quot;,&quot;max_items_expended&quot;:&quot;one&quot;,&quot;n_accordion_animation_duration&quot;:{&quot;unit&quot;:&quot;ms&quot;,&quot;size&quot;:400,&quot;sizes&quot;:[]}}\" data-widget_type=\"nested-accordion.default\">\n\t\t\t\t<div class=\"elementor-widget-container\">\n\t\t\t\t\t\t\t<div class=\"e-n-accordion\" aria-label=\"Accordion. Open links with Enter or Space, close with Escape, and navigate with Arrow Keys\">\n\t\t\t\t\t\t<details id=\"e-n-accordion-item-1390\" class=\"e-n-accordion-item\" open>\n\t\t\t\t<summary class=\"e-n-accordion-item-title\" data-accordion-index=\"1\" tabindex=\"0\" aria-expanded=\"true\" aria-controls=\"e-n-accordion-item-1390\" >\n\t\t\t\t\t<span class='e-n-accordion-item-title-header'><div class=\"e-n-accordion-item-title-text\"> 2024 <\/div><\/span>\n\t\t\t\t\t\t\t<span class='e-n-accordion-item-title-icon'>\n\t\t\t<span class='e-opened' ><svg aria-hidden=\"true\" class=\"e-font-icon-svg e-fas-minus\" viewBox=\"0 0 448 512\" xmlns=\"http:\/\/www.w3.org\/2000\/svg\"><path d=\"M416 208H32c-17.67 0-32 14.33-32 32v32c0 17.67 14.33 32 32 32h384c17.67 0 32-14.33 32-32v-32c0-17.67-14.33-32-32-32z\"><\/path><\/svg><\/span>\n\t\t\t<span class='e-closed'><svg aria-hidden=\"true\" class=\"e-font-icon-svg e-fas-plus\" viewBox=\"0 0 448 512\" xmlns=\"http:\/\/www.w3.org\/2000\/svg\"><path d=\"M416 208H272V64c0-17.67-14.33-32-32-32h-32c-17.67 0-32 14.33-32 32v144H32c-17.67 0-32 14.33-32 32v32c0 17.67 14.33 32 32 32h144v144c0 17.67 14.33 32 32 32h32c17.67 0 32-14.33 32-32V304h144c17.67 0 32-14.33 32-32v-32c0-17.67-14.33-32-32-32z\"><\/path><\/svg><\/span>\n\t\t<\/span>\n\n\t\t\t\t\t\t<\/summary>\n\t\t\t\t<div role=\"region\" aria-labelledby=\"e-n-accordion-item-1390\" class=\"elementor-element elementor-element-9d96a16 e-con-full e-flex e-con e-child\" data-id=\"9d96a16\" data-element_type=\"container\" data-e-type=\"container\">\n\t\t\t\t<div class=\"elementor-element elementor-element-60d7720 elementor-widget elementor-widget-text-editor\" data-id=\"60d7720\" data-element_type=\"widget\" data-e-type=\"widget\" data-widget_type=\"text-editor.default\">\n\t\t\t\t<div class=\"elementor-widget-container\">\n\t\t\t\t\t\t\t\t\t<ul><li style=\"list-style-type: none;\"><ul><li><span style=\"text-decoration: underline;\"><a href=\"http:\/\/esic.portonacional.to.gov.br\/wp-content\/uploads\/2025\/01\/Relatorio-de-Execucao-das-Mestas-Fiscais-2024-1o-QUAD.pdf\">Relat\u00f3rio de Execu\u00e7\u00e3o das Metas Fiscais 2024 &#8211; 1\u00b0 QUAD<\/a><\/span><\/li><li><a href=\"http:\/\/esic.portonacional.to.gov.br\/wp-content\/uploads\/2025\/01\/Relatorio-de-Execucao-das-Mestas-Fiscais-2024-2o-QUAD.pdf\">Relat\u00f3rio de Execu\u00e7\u00e3o das Metas Fiscais 2024 &#8211; 2\u00b0 QUAD<\/a><\/li><li><a href=\"http:\/\/esic.portonacional.to.gov.br\/wp-content\/uploads\/2025\/06\/Relatorio-de-Execucao-das-Mestas-Fiscais-2024-3o-QUAD-2024.docx.pdf\">Relat\u00f3rio de Execu\u00e7\u00e3o das Metas Fiscais 2024 &#8211; 3\u00b0 QUAD <\/a><\/li><\/ul><\/li><\/ul>\t\t\t\t\t\t\t\t<\/div>\n\t\t\t\t<\/div>\n\t\t\t\t<\/div>\n\t\t\t\t\t<\/details>\n\t\t\t\t\t\t<details id=\"e-n-accordion-item-1391\" class=\"e-n-accordion-item\" >\n\t\t\t\t<summary class=\"e-n-accordion-item-title\" data-accordion-index=\"2\" tabindex=\"-1\" aria-expanded=\"false\" aria-controls=\"e-n-accordion-item-1391\" >\n\t\t\t\t\t<span class='e-n-accordion-item-title-header'><div class=\"e-n-accordion-item-title-text\"> 2023 <\/div><\/span>\n\t\t\t\t\t\t\t<span class='e-n-accordion-item-title-icon'>\n\t\t\t<span class='e-opened' ><svg aria-hidden=\"true\" class=\"e-font-icon-svg e-fas-minus\" viewBox=\"0 0 448 512\" xmlns=\"http:\/\/www.w3.org\/2000\/svg\"><path d=\"M416 208H32c-17.67 0-32 14.33-32 32v32c0 17.67 14.33 32 32 32h384c17.67 0 32-14.33 32-32v-32c0-17.67-14.33-32-32-32z\"><\/path><\/svg><\/span>\n\t\t\t<span class='e-closed'><svg aria-hidden=\"true\" class=\"e-font-icon-svg e-fas-plus\" viewBox=\"0 0 448 512\" xmlns=\"http:\/\/www.w3.org\/2000\/svg\"><path d=\"M416 208H272V64c0-17.67-14.33-32-32-32h-32c-17.67 0-32 14.33-32 32v144H32c-17.67 0-32 14.33-32 32v32c0 17.67 14.33 32 32 32h144v144c0 17.67 14.33 32 32 32h32c17.67 0 32-14.33 32-32V304h144c17.67 0 32-14.33 32-32v-32c0-17.67-14.33-32-32-32z\"><\/path><\/svg><\/span>\n\t\t<\/span>\n\n\t\t\t\t\t\t<\/summary>\n\t\t\t\t<div role=\"region\" aria-labelledby=\"e-n-accordion-item-1391\" class=\"elementor-element elementor-element-e4bcd43 e-con-full e-flex e-con e-child\" data-id=\"e4bcd43\" data-element_type=\"container\" data-e-type=\"container\">\n\t\t\t\t<div class=\"elementor-element elementor-element-f40b2ee elementor-widget elementor-widget-text-editor\" data-id=\"f40b2ee\" data-element_type=\"widget\" data-e-type=\"widget\" data-widget_type=\"text-editor.default\">\n\t\t\t\t<div class=\"elementor-widget-container\">\n\t\t\t\t\t\t\t\t\t<ul><li><span style=\"text-decoration: underline;\"><a href=\"http:\/\/esic.portonacional.to.gov.br\/wp-content\/uploads\/2025\/01\/Relatorio-de-Execucao-das-Mestas-Fiscais-2023-1o-QUAD-2023-1.pdf\">Relat\u00f3rio de Execu\u00e7\u00e3o das Metas Fiscais 2023 1\u00b0 QUAD-2023<\/a><\/span><\/li><li><span style=\"text-decoration: underline;\"><a href=\"http:\/\/esic.portonacional.to.gov.br\/wp-content\/uploads\/2025\/01\/Relatorio-de-Execucao-das-Mestas-Fiscais-2023-2o-QUAD-2023.pdf\">Relat\u00f3rio de Execu\u00e7\u00e3o das Metas Fiscais 2023- 2\u00b0 QUAD 2023<\/a><\/span><\/li><li><a href=\"http:\/\/esic.portonacional.to.gov.br\/wp-content\/uploads\/2025\/01\/Relatorio-de-Execucao-das-Mestas-Fiscais-2023-3o-QUAD-2023.pdf\">Relat\u00f3rio de Execu\u00e7\u00e3o das Metas Fiscais 2023- 3\u00b0 QUAD 2023<\/a><\/li><\/ul>\t\t\t\t\t\t\t\t<\/div>\n\t\t\t\t<\/div>\n\t\t\t\t<\/div>\n\t\t\t\t\t<\/details>\n\t\t\t\t\t<\/div>\n\t\t\t\t\t\t<\/div>\n\t\t\t\t<\/div>\n\t\t\t\t<\/div>\n\t\t\t\t\t<\/div>\n\t\t\t\t<\/div>\n\t\t\t\t<\/div>\n\t\t","protected":false},"excerpt":{"rendered":"<p>Relat\u00f3rios &#8211; Metas Fiscais 2024 Relat\u00f3rio de Execu\u00e7\u00e3o das Metas Fiscais 2024 &#8211; 1\u00b0 QUAD Relat\u00f3rio de Execu\u00e7\u00e3o das Metas Fiscais 2024 &#8211; 2\u00b0 QUAD Relat\u00f3rio de Execu\u00e7\u00e3o das Metas<\/p>\n","protected":false},"author":1,"featured_media":0,"parent":0,"menu_order":0,"comment_status":"closed","ping_status":"closed","template":"","meta":{"footnotes":""},"class_list":{"1":"page","2":"type-page","3":"status-publish","4":"hentry"},"yoast_head":"<!-- This site is optimized with the Yoast SEO plugin v26.9 - https:\/\/yoast.com\/product\/yoast-seo-wordpress\/ -->\n<title>Relat\u00f3rios Metas Fiscais - Transpar\u00eancia Porto<\/title>\n<meta name=\"robots\" content=\"index, follow, max-snippet:-1, max-image-preview:large, max-video-preview:-1\" \/>\n<link rel=\"canonical\" href=\"https:\/\/esic.portonacional.to.gov.br\/index.php\/relatorios-metas-fiscais-2\/\" \/>\n<meta property=\"og:locale\" content=\"pt_BR\" \/>\n<meta property=\"og:type\" content=\"article\" \/>\n<meta property=\"og:title\" content=\"Relat\u00f3rios Metas Fiscais - Transpar\u00eancia Porto\" \/>\n<meta property=\"og:description\" content=\"Relat\u00f3rios &#8211; Metas Fiscais 2024 Relat\u00f3rio de Execu\u00e7\u00e3o das Metas Fiscais 2024 &#8211; 1\u00b0 QUAD Relat\u00f3rio de Execu\u00e7\u00e3o das Metas Fiscais 2024 &#8211; 2\u00b0 QUAD Relat\u00f3rio de Execu\u00e7\u00e3o das Metas\" \/>\n<meta property=\"og:url\" content=\"https:\/\/esic.portonacional.to.gov.br\/index.php\/relatorios-metas-fiscais-2\/\" \/>\n<meta property=\"og:site_name\" content=\"Transpar\u00eancia Porto\" \/>\n<meta property=\"article:modified_time\" content=\"2025-06-04T12:18:40+00:00\" \/>\n<meta property=\"og:image\" content=\"https:\/\/esic.portonacional.to.gov.br\/wp-content\/uploads\/2025\/01\/cropped-Logo_Marca_Prefeitura_de_Porto_Nacional_Tocantins.png\" \/>\n\t<meta property=\"og:image:width\" content=\"178\" \/>\n\t<meta property=\"og:image:height\" content=\"64\" \/>\n\t<meta property=\"og:image:type\" content=\"image\/png\" \/>\n<meta name=\"twitter:card\" content=\"summary_large_image\" \/>\n<meta name=\"twitter:label1\" content=\"Est. tempo de leitura\" \/>\n\t<meta name=\"twitter:data1\" content=\"1 minuto\" \/>\n<script type=\"application\/ld+json\" class=\"yoast-schema-graph\">{\"@context\":\"https:\/\/schema.org\",\"@graph\":[{\"@type\":\"WebPage\",\"@id\":\"https:\/\/esic.portonacional.to.gov.br\/index.php\/relatorios-metas-fiscais-2\/\",\"url\":\"https:\/\/esic.portonacional.to.gov.br\/index.php\/relatorios-metas-fiscais-2\/\",\"name\":\"Relat\u00f3rios Metas Fiscais - Transpar\u00eancia Porto\",\"isPartOf\":{\"@id\":\"https:\/\/esic.portonacional.to.gov.br\/#website\"},\"datePublished\":\"2025-01-13T12:08:18+00:00\",\"dateModified\":\"2025-06-04T12:18:40+00:00\",\"breadcrumb\":{\"@id\":\"https:\/\/esic.portonacional.to.gov.br\/index.php\/relatorios-metas-fiscais-2\/#breadcrumb\"},\"inLanguage\":\"pt-BR\",\"potentialAction\":[{\"@type\":\"ReadAction\",\"target\":[\"https:\/\/esic.portonacional.to.gov.br\/index.php\/relatorios-metas-fiscais-2\/\"]}]},{\"@type\":\"BreadcrumbList\",\"@id\":\"https:\/\/esic.portonacional.to.gov.br\/index.php\/relatorios-metas-fiscais-2\/#breadcrumb\",\"itemListElement\":[{\"@type\":\"ListItem\",\"position\":1,\"name\":\"In\u00edcio\",\"item\":\"https:\/\/esic.portonacional.to.gov.br\/\"},{\"@type\":\"ListItem\",\"position\":2,\"name\":\"Relat\u00f3rios Metas Fiscais\"}]},{\"@type\":\"WebSite\",\"@id\":\"https:\/\/esic.portonacional.to.gov.br\/#website\",\"url\":\"https:\/\/esic.portonacional.to.gov.br\/\",\"name\":\"Portal da Transpar\u00eancia Porto Nacional\",\"description\":\"Portal da Transpar\u00eancia de Porto Nacional\",\"publisher\":{\"@id\":\"https:\/\/esic.portonacional.to.gov.br\/#organization\"},\"alternateName\":\"Prefeitura de Porto Nacional\",\"potentialAction\":[{\"@type\":\"SearchAction\",\"target\":{\"@type\":\"EntryPoint\",\"urlTemplate\":\"https:\/\/esic.portonacional.to.gov.br\/?s={search_term_string}\"},\"query-input\":{\"@type\":\"PropertyValueSpecification\",\"valueRequired\":true,\"valueName\":\"search_term_string\"}}],\"inLanguage\":\"pt-BR\"},{\"@type\":\"Organization\",\"@id\":\"https:\/\/esic.portonacional.to.gov.br\/#organization\",\"name\":\"Prefeitura de Porto Nacional\",\"url\":\"https:\/\/esic.portonacional.to.gov.br\/\",\"logo\":{\"@type\":\"ImageObject\",\"inLanguage\":\"pt-BR\",\"@id\":\"https:\/\/esic.portonacional.to.gov.br\/#\/schema\/logo\/image\/\",\"url\":\"https:\/\/esic.portonacional.to.gov.br\/wp-content\/uploads\/2025\/05\/LOGO-PREFEITURAA-2025.png\",\"contentUrl\":\"https:\/\/esic.portonacional.to.gov.br\/wp-content\/uploads\/2025\/05\/LOGO-PREFEITURAA-2025.png\",\"width\":250,\"height\":119,\"caption\":\"Prefeitura de Porto Nacional\"},\"image\":{\"@id\":\"https:\/\/esic.portonacional.to.gov.br\/#\/schema\/logo\/image\/\"}}]}<\/script>\n<!-- \/ Yoast SEO plugin. -->","yoast_head_json":{"title":"Relat\u00f3rios Metas Fiscais - Transpar\u00eancia Porto","robots":{"index":"index","follow":"follow","max-snippet":"max-snippet:-1","max-image-preview":"max-image-preview:large","max-video-preview":"max-video-preview:-1"},"canonical":"https:\/\/esic.portonacional.to.gov.br\/index.php\/relatorios-metas-fiscais-2\/","og_locale":"pt_BR","og_type":"article","og_title":"Relat\u00f3rios Metas Fiscais - Transpar\u00eancia Porto","og_description":"Relat\u00f3rios &#8211; Metas Fiscais 2024 Relat\u00f3rio de Execu\u00e7\u00e3o das Metas Fiscais 2024 &#8211; 1\u00b0 QUAD Relat\u00f3rio de Execu\u00e7\u00e3o das Metas Fiscais 2024 &#8211; 2\u00b0 QUAD Relat\u00f3rio de Execu\u00e7\u00e3o das Metas","og_url":"https:\/\/esic.portonacional.to.gov.br\/index.php\/relatorios-metas-fiscais-2\/","og_site_name":"Transpar\u00eancia Porto","article_modified_time":"2025-06-04T12:18:40+00:00","og_image":[{"width":178,"height":64,"url":"https:\/\/esic.portonacional.to.gov.br\/wp-content\/uploads\/2025\/01\/cropped-Logo_Marca_Prefeitura_de_Porto_Nacional_Tocantins.png","type":"image\/png"}],"twitter_card":"summary_large_image","twitter_misc":{"Est. tempo de leitura":"1 minuto"},"schema":{"@context":"https:\/\/schema.org","@graph":[{"@type":"WebPage","@id":"https:\/\/esic.portonacional.to.gov.br\/index.php\/relatorios-metas-fiscais-2\/","url":"https:\/\/esic.portonacional.to.gov.br\/index.php\/relatorios-metas-fiscais-2\/","name":"Relat\u00f3rios Metas Fiscais - Transpar\u00eancia Porto","isPartOf":{"@id":"https:\/\/esic.portonacional.to.gov.br\/#website"},"datePublished":"2025-01-13T12:08:18+00:00","dateModified":"2025-06-04T12:18:40+00:00","breadcrumb":{"@id":"https:\/\/esic.portonacional.to.gov.br\/index.php\/relatorios-metas-fiscais-2\/#breadcrumb"},"inLanguage":"pt-BR","potentialAction":[{"@type":"ReadAction","target":["https:\/\/esic.portonacional.to.gov.br\/index.php\/relatorios-metas-fiscais-2\/"]}]},{"@type":"BreadcrumbList","@id":"https:\/\/esic.portonacional.to.gov.br\/index.php\/relatorios-metas-fiscais-2\/#breadcrumb","itemListElement":[{"@type":"ListItem","position":1,"name":"In\u00edcio","item":"https:\/\/esic.portonacional.to.gov.br\/"},{"@type":"ListItem","position":2,"name":"Relat\u00f3rios Metas Fiscais"}]},{"@type":"WebSite","@id":"https:\/\/esic.portonacional.to.gov.br\/#website","url":"https:\/\/esic.portonacional.to.gov.br\/","name":"Portal da Transpar\u00eancia Porto Nacional","description":"Portal da Transpar\u00eancia de Porto Nacional","publisher":{"@id":"https:\/\/esic.portonacional.to.gov.br\/#organization"},"alternateName":"Prefeitura de Porto Nacional","potentialAction":[{"@type":"SearchAction","target":{"@type":"EntryPoint","urlTemplate":"https:\/\/esic.portonacional.to.gov.br\/?s={search_term_string}"},"query-input":{"@type":"PropertyValueSpecification","valueRequired":true,"valueName":"search_term_string"}}],"inLanguage":"pt-BR"},{"@type":"Organization","@id":"https:\/\/esic.portonacional.to.gov.br\/#organization","name":"Prefeitura de Porto Nacional","url":"https:\/\/esic.portonacional.to.gov.br\/","logo":{"@type":"ImageObject","inLanguage":"pt-BR","@id":"https:\/\/esic.portonacional.to.gov.br\/#\/schema\/logo\/image\/","url":"https:\/\/esic.portonacional.to.gov.br\/wp-content\/uploads\/2025\/05\/LOGO-PREFEITURAA-2025.png","contentUrl":"https:\/\/esic.portonacional.to.gov.br\/wp-content\/uploads\/2025\/05\/LOGO-PREFEITURAA-2025.png","width":250,"height":119,"caption":"Prefeitura de Porto Nacional"},"image":{"@id":"https:\/\/esic.portonacional.to.gov.br\/#\/schema\/logo\/image\/"}}]}},"_links":{"self":[{"href":"https:\/\/esic.portonacional.to.gov.br\/index.php\/wp-json\/wp\/v2\/pages\/555","targetHints":{"allow":["GET"]}}],"collection":[{"href":"https:\/\/esic.portonacional.to.gov.br\/index.php\/wp-json\/wp\/v2\/pages"}],"about":[{"href":"https:\/\/esic.portonacional.to.gov.br\/index.php\/wp-json\/wp\/v2\/types\/page"}],"author":[{"embeddable":true,"href":"https:\/\/esic.portonacional.to.gov.br\/index.php\/wp-json\/wp\/v2\/users\/1"}],"replies":[{"embeddable":true,"href":"https:\/\/esic.portonacional.to.gov.br\/index.php\/wp-json\/wp\/v2\/comments?post=555"}],"version-history":[{"count":22,"href":"https:\/\/esic.portonacional.to.gov.br\/index.php\/wp-json\/wp\/v2\/pages\/555\/revisions"}],"predecessor-version":[{"id":1066,"href":"https:\/\/esic.portonacional.to.gov.br\/index.php\/wp-json\/wp\/v2\/pages\/555\/revisions\/1066"}],"wp:attachment":[{"href":"https:\/\/esic.portonacional.to.gov.br\/index.php\/wp-json\/wp\/v2\/media?parent=555"}],"curies":[{"name":"wp","href":"https:\/\/api.w.org\/{rel}","templated":true}]}}