{"id":811,"date":"2025-04-30T11:06:22","date_gmt":"2025-04-30T14:06:22","guid":{"rendered":"http:\/\/esic.portonacional.to.gov.br\/?page_id=811"},"modified":"2025-10-24T09:46:25","modified_gmt":"2025-10-24T12:46:25","slug":"sala-do-empreendedor","status":"publish","type":"page","link":"https:\/\/esic.portonacional.to.gov.br\/index.php\/sala-do-empreendedor\/","title":{"rendered":"Sala do Empreendedor"},"content":{"rendered":"\t\t<div data-elementor-type=\"wp-page\" data-elementor-id=\"811\" class=\"elementor elementor-811\">\n\t\t\t\t<div class=\"elementor-element elementor-element-404203e e-flex e-con-boxed e-con e-parent\" data-id=\"404203e\" data-element_type=\"container\" data-e-type=\"container\">\n\t\t\t\t\t<div class=\"e-con-inner\">\n\t\t\t\t<div class=\"elementor-element elementor-element-291523e elementor-widget elementor-widget-image\" data-id=\"291523e\" data-element_type=\"widget\" data-e-type=\"widget\" data-widget_type=\"image.default\">\n\t\t\t\t<div class=\"elementor-widget-container\">\n\t\t\t\t\t\t\t\t\t\t\t\t\t\t\t<img fetchpriority=\"high\" decoding=\"async\" width=\"1484\" height=\"513\" src=\"https:\/\/esic.portonacional.to.gov.br\/wp-content\/uploads\/2025\/04\/SALA-DO-EMPREENDEDOR-00-3.png\" class=\"attachment-1536x1536 size-1536x1536 wp-image-849\" alt=\"\" srcset=\"https:\/\/esic.portonacional.to.gov.br\/wp-content\/uploads\/2025\/04\/SALA-DO-EMPREENDEDOR-00-3.png 1484w, https:\/\/esic.portonacional.to.gov.br\/wp-content\/uploads\/2025\/04\/SALA-DO-EMPREENDEDOR-00-3-300x104.png 300w, https:\/\/esic.portonacional.to.gov.br\/wp-content\/uploads\/2025\/04\/SALA-DO-EMPREENDEDOR-00-3-1024x354.png 1024w, https:\/\/esic.portonacional.to.gov.br\/wp-content\/uploads\/2025\/04\/SALA-DO-EMPREENDEDOR-00-3-768x265.png 768w\" sizes=\"(max-width: 1484px) 100vw, 1484px\" \/>\t\t\t\t\t\t\t\t\t\t\t\t\t\t\t<\/div>\n\t\t\t\t<\/div>\n\t\t\t\t\t<\/div>\n\t\t\t\t<\/div>\n\t\t<div class=\"elementor-element elementor-element-6976a0a e-flex e-con-boxed e-con e-parent\" data-id=\"6976a0a\" data-element_type=\"container\" data-e-type=\"container\">\n\t\t\t\t\t<div class=\"e-con-inner\">\n\t\t\t\t<div class=\"elementor-element elementor-element-3ba639d elementor-widget elementor-widget-text-editor\" data-id=\"3ba639d\" data-element_type=\"widget\" data-e-type=\"widget\" data-widget_type=\"text-editor.default\">\n\t\t\t\t<div class=\"elementor-widget-container\">\n\t\t\t\t\t\t\t\t\t<p>A sala do empreendedor vai facilitar processos de abertura de empresas, regulariza\u00e7\u00e3o e baixa de empresas ao microempreendedor individual MEI.<br>Facilitando a informa\u00e7\u00e3o, orienta\u00e7\u00e3o, qualifica\u00e7\u00e3o e regulariza\u00e7\u00e3o de atividades para empreendedores.<\/p>\t\t\t\t\t\t\t\t<\/div>\n\t\t\t\t<\/div>\n\t\t\t\t\t<\/div>\n\t\t\t\t<\/div>\n\t\t<div class=\"elementor-element elementor-element-ae3d614 e-grid e-con-boxed e-con e-parent\" data-id=\"ae3d614\" data-element_type=\"container\" data-e-type=\"container\">\n\t\t\t\t\t<div class=\"e-con-inner\">\n\t\t<div class=\"elementor-element elementor-element-f29a6ff e-con-full e-flex e-con e-child\" data-id=\"f29a6ff\" data-element_type=\"container\" data-e-type=\"container\">\n\t\t\t\t<div class=\"elementor-element elementor-element-871a0f0 elementor-widget elementor-widget-heading\" data-id=\"871a0f0\" data-element_type=\"widget\" data-e-type=\"widget\" data-widget_type=\"heading.default\">\n\t\t\t\t<div class=\"elementor-widget-container\">\n\t\t\t\t\t<h2 class=\"elementor-heading-title elementor-size-default\">Porto Nacional<\/h2>\t\t\t\t<\/div>\n\t\t\t\t<\/div>\n\t\t\t\t<div class=\"elementor-element elementor-element-cc3ea4a elementor-widget elementor-widget-text-editor\" data-id=\"cc3ea4a\" data-element_type=\"widget\" data-e-type=\"widget\" data-widget_type=\"text-editor.default\">\n\t\t\t\t<div class=\"elementor-widget-container\">\n\t\t\t\t\t\t\t\t\t<p>\u00a0<span style=\"letter-spacing: 0px;\">Servi\u00e7os ofertados:\u00a0<\/span><\/p><ul><li>Orienta\u00e7\u00e3o sobre abertura de empresas (principalmente MEI \u2013 Microempreendedor Individual)<\/li><li>Regulariza\u00e7\u00e3o de atividades para empreendedores<\/li><li>Emiss\u00e3o de documentos e certid\u00f5es<\/li><li>Consultorias e capacita\u00e7\u00f5es<\/li><li>Apoio para acesso a cr\u00e9dito<\/li><li>Informa\u00e7\u00e3o sobre leis e benef\u00edcios para pequenos neg\u00f3cios<\/li><li>Entre outros.<\/li><\/ul>\t\t\t\t\t\t\t\t<\/div>\n\t\t\t\t<\/div>\n\t\t\t\t<div class=\"elementor-element elementor-element-d8999ce elementor-widget elementor-widget-text-editor\" data-id=\"d8999ce\" data-element_type=\"widget\" data-e-type=\"widget\" data-widget_type=\"text-editor.default\">\n\t\t\t\t<div class=\"elementor-widget-container\">\n\t\t\t\t\t\t\t\t\t<p>Endere\u00e7o:<\/p>\n<p><strong>Localiza\u00e7\u00e3o da sala: <\/strong>Av. Presidente Kennedy &#8211; localizado no Porto R\u00e1pido<\/p>\n<p><strong>Telefone: &nbsp;63 99247-4737 <\/strong><br><strong>Instagram: <span style=\"text-decoration: underline;\"><a href=\"https:\/\/www.instagram.com\/salado6971\/\">https:\/\/www.instagram.com\/salado6971\/<\/a><\/span><\/strong><\/p>\t\t\t\t\t\t\t\t<\/div>\n\t\t\t\t<\/div>\n\t\t\t\t<\/div>\n\t\t<div class=\"elementor-element elementor-element-f494ec6 e-con-full e-flex e-con e-child\" data-id=\"f494ec6\" data-element_type=\"container\" data-e-type=\"container\">\n\t\t\t\t<div class=\"elementor-element elementor-element-d725aa6 elementor-widget elementor-widget-heading\" data-id=\"d725aa6\" data-element_type=\"widget\" data-e-type=\"widget\" data-widget_type=\"heading.default\">\n\t\t\t\t<div class=\"elementor-widget-container\">\n\t\t\t\t\t<h2 class=\"elementor-heading-title elementor-size-default\">Porto Nacional - Luzimangues<\/h2>\t\t\t\t<\/div>\n\t\t\t\t<\/div>\n\t\t\t\t<div class=\"elementor-element elementor-element-b4d843b elementor-widget elementor-widget-text-editor\" data-id=\"b4d843b\" data-element_type=\"widget\" data-e-type=\"widget\" data-widget_type=\"text-editor.default\">\n\t\t\t\t<div class=\"elementor-widget-container\">\n\t\t\t\t\t\t\t\t\t<p><span style=\"letter-spacing: 0px;\">Servi\u00e7os ofertados:\u00a0<\/span><\/p><ul><li>Orienta\u00e7\u00e3o sobre abertura de empresas (principalmente MEI \u2013 Microempreendedor Individual)<\/li><li>Regulariza\u00e7\u00e3o de atividades para empreendedores<\/li><li>Emiss\u00e3o de documentos e certid\u00f5es<\/li><li>Consultorias e capacita\u00e7\u00f5es<\/li><li>Apoio para acesso a cr\u00e9dito<\/li><li>Informa\u00e7\u00e3o sobre leis e benef\u00edcios para pequenos neg\u00f3cios<\/li><li>Entre outros.<\/li><\/ul>\t\t\t\t\t\t\t\t<\/div>\n\t\t\t\t<\/div>\n\t\t\t\t<div class=\"elementor-element elementor-element-ebd6452 elementor-widget elementor-widget-text-editor\" data-id=\"ebd6452\" data-element_type=\"widget\" data-e-type=\"widget\" data-widget_type=\"text-editor.default\">\n\t\t\t\t<div class=\"elementor-widget-container\">\n\t\t\t\t\t\t\t\t\t<p>Endere\u00e7o:<\/p><p><strong>Localiza\u00e7\u00e3o da sala: <\/strong>Subprefeitura de Luzimangues &#8211;\u00a0 TO-080, 4101 &#8211; Luzimangues, Porto Nacional &#8211; TO, 77500-001<br \/><strong>Telefone:\u00a0<\/strong>63 992556185<br \/><strong>Instagram:<\/strong><\/p>\t\t\t\t\t\t\t\t<\/div>\n\t\t\t\t<\/div>\n\t\t\t\t<\/div>\n\t\t\t\t\t<\/div>\n\t\t\t\t<\/div>\n\t\t\t\t<\/div>\n\t\t","protected":false},"excerpt":{"rendered":"<p>A sala do empreendedor vai facilitar processos de abertura de empresas, regulariza\u00e7\u00e3o e baixa de empresas ao microempreendedor individual MEI.Facilitando a informa\u00e7\u00e3o, orienta\u00e7\u00e3o, qualifica\u00e7\u00e3o e regulariza\u00e7\u00e3o de atividades para empreendedores.<\/p>\n","protected":false},"author":2,"featured_media":0,"parent":0,"menu_order":0,"comment_status":"closed","ping_status":"closed","template":"","meta":{"footnotes":""},"class_list":{"1":"page","2":"type-page","3":"status-publish","4":"hentry"},"yoast_head":"<!-- This site is optimized with the Yoast SEO plugin v26.9 - https:\/\/yoast.com\/product\/yoast-seo-wordpress\/ -->\n<title>Sala do Empreendedor - Transpar\u00eancia Porto<\/title>\n<meta name=\"robots\" content=\"index, follow, max-snippet:-1, max-image-preview:large, max-video-preview:-1\" \/>\n<link rel=\"canonical\" href=\"https:\/\/esic.portonacional.to.gov.br\/index.php\/sala-do-empreendedor\/\" \/>\n<meta property=\"og:locale\" content=\"pt_BR\" \/>\n<meta property=\"og:type\" content=\"article\" \/>\n<meta property=\"og:title\" content=\"Sala do Empreendedor - Transpar\u00eancia Porto\" \/>\n<meta property=\"og:description\" content=\"A sala do empreendedor vai facilitar processos de abertura de empresas, regulariza\u00e7\u00e3o e baixa de empresas ao microempreendedor individual MEI.Facilitando a informa\u00e7\u00e3o, orienta\u00e7\u00e3o, qualifica\u00e7\u00e3o e regulariza\u00e7\u00e3o de atividades para empreendedores.\" \/>\n<meta property=\"og:url\" content=\"https:\/\/esic.portonacional.to.gov.br\/index.php\/sala-do-empreendedor\/\" \/>\n<meta property=\"og:site_name\" content=\"Transpar\u00eancia Porto\" \/>\n<meta property=\"article:modified_time\" content=\"2025-10-24T12:46:25+00:00\" \/>\n<meta property=\"og:image\" content=\"http:\/\/esic.portonacional.to.gov.br\/wp-content\/uploads\/2025\/04\/SALA-DO-EMPREENDEDOR-00-3.png\" \/>\n<meta name=\"twitter:card\" content=\"summary_large_image\" \/>\n<meta name=\"twitter:label1\" content=\"Est. tempo de leitura\" \/>\n\t<meta name=\"twitter:data1\" content=\"2 minutos\" \/>\n<script type=\"application\/ld+json\" class=\"yoast-schema-graph\">{\"@context\":\"https:\/\/schema.org\",\"@graph\":[{\"@type\":\"WebPage\",\"@id\":\"https:\/\/esic.portonacional.to.gov.br\/index.php\/sala-do-empreendedor\/\",\"url\":\"https:\/\/esic.portonacional.to.gov.br\/index.php\/sala-do-empreendedor\/\",\"name\":\"Sala do Empreendedor - Transpar\u00eancia Porto\",\"isPartOf\":{\"@id\":\"https:\/\/esic.portonacional.to.gov.br\/#website\"},\"primaryImageOfPage\":{\"@id\":\"https:\/\/esic.portonacional.to.gov.br\/index.php\/sala-do-empreendedor\/#primaryimage\"},\"image\":{\"@id\":\"https:\/\/esic.portonacional.to.gov.br\/index.php\/sala-do-empreendedor\/#primaryimage\"},\"thumbnailUrl\":\"http:\/\/esic.portonacional.to.gov.br\/wp-content\/uploads\/2025\/04\/SALA-DO-EMPREENDEDOR-00-3.png\",\"datePublished\":\"2025-04-30T14:06:22+00:00\",\"dateModified\":\"2025-10-24T12:46:25+00:00\",\"breadcrumb\":{\"@id\":\"https:\/\/esic.portonacional.to.gov.br\/index.php\/sala-do-empreendedor\/#breadcrumb\"},\"inLanguage\":\"pt-BR\",\"potentialAction\":[{\"@type\":\"ReadAction\",\"target\":[\"https:\/\/esic.portonacional.to.gov.br\/index.php\/sala-do-empreendedor\/\"]}]},{\"@type\":\"ImageObject\",\"inLanguage\":\"pt-BR\",\"@id\":\"https:\/\/esic.portonacional.to.gov.br\/index.php\/sala-do-empreendedor\/#primaryimage\",\"url\":\"https:\/\/esic.portonacional.to.gov.br\/wp-content\/uploads\/2025\/04\/SALA-DO-EMPREENDEDOR-00-3.png\",\"contentUrl\":\"https:\/\/esic.portonacional.to.gov.br\/wp-content\/uploads\/2025\/04\/SALA-DO-EMPREENDEDOR-00-3.png\",\"width\":1484,\"height\":513},{\"@type\":\"BreadcrumbList\",\"@id\":\"https:\/\/esic.portonacional.to.gov.br\/index.php\/sala-do-empreendedor\/#breadcrumb\",\"itemListElement\":[{\"@type\":\"ListItem\",\"position\":1,\"name\":\"In\u00edcio\",\"item\":\"https:\/\/esic.portonacional.to.gov.br\/\"},{\"@type\":\"ListItem\",\"position\":2,\"name\":\"Sala do Empreendedor\"}]},{\"@type\":\"WebSite\",\"@id\":\"https:\/\/esic.portonacional.to.gov.br\/#website\",\"url\":\"https:\/\/esic.portonacional.to.gov.br\/\",\"name\":\"Portal da Transpar\u00eancia Porto Nacional\",\"description\":\"Portal da Transpar\u00eancia de Porto Nacional\",\"publisher\":{\"@id\":\"https:\/\/esic.portonacional.to.gov.br\/#organization\"},\"alternateName\":\"Prefeitura de Porto Nacional\",\"potentialAction\":[{\"@type\":\"SearchAction\",\"target\":{\"@type\":\"EntryPoint\",\"urlTemplate\":\"https:\/\/esic.portonacional.to.gov.br\/?s={search_term_string}\"},\"query-input\":{\"@type\":\"PropertyValueSpecification\",\"valueRequired\":true,\"valueName\":\"search_term_string\"}}],\"inLanguage\":\"pt-BR\"},{\"@type\":\"Organization\",\"@id\":\"https:\/\/esic.portonacional.to.gov.br\/#organization\",\"name\":\"Prefeitura de Porto Nacional\",\"url\":\"https:\/\/esic.portonacional.to.gov.br\/\",\"logo\":{\"@type\":\"ImageObject\",\"inLanguage\":\"pt-BR\",\"@id\":\"https:\/\/esic.portonacional.to.gov.br\/#\/schema\/logo\/image\/\",\"url\":\"https:\/\/esic.portonacional.to.gov.br\/wp-content\/uploads\/2025\/05\/LOGO-PREFEITURAA-2025.png\",\"contentUrl\":\"https:\/\/esic.portonacional.to.gov.br\/wp-content\/uploads\/2025\/05\/LOGO-PREFEITURAA-2025.png\",\"width\":250,\"height\":119,\"caption\":\"Prefeitura de Porto Nacional\"},\"image\":{\"@id\":\"https:\/\/esic.portonacional.to.gov.br\/#\/schema\/logo\/image\/\"}}]}<\/script>\n<!-- \/ Yoast SEO plugin. -->","yoast_head_json":{"title":"Sala do Empreendedor - Transpar\u00eancia Porto","robots":{"index":"index","follow":"follow","max-snippet":"max-snippet:-1","max-image-preview":"max-image-preview:large","max-video-preview":"max-video-preview:-1"},"canonical":"https:\/\/esic.portonacional.to.gov.br\/index.php\/sala-do-empreendedor\/","og_locale":"pt_BR","og_type":"article","og_title":"Sala do Empreendedor - Transpar\u00eancia Porto","og_description":"A sala do empreendedor vai facilitar processos de abertura de empresas, regulariza\u00e7\u00e3o e baixa de empresas ao microempreendedor individual MEI.Facilitando a informa\u00e7\u00e3o, orienta\u00e7\u00e3o, qualifica\u00e7\u00e3o e regulariza\u00e7\u00e3o de atividades para empreendedores.","og_url":"https:\/\/esic.portonacional.to.gov.br\/index.php\/sala-do-empreendedor\/","og_site_name":"Transpar\u00eancia Porto","article_modified_time":"2025-10-24T12:46:25+00:00","og_image":[{"url":"http:\/\/esic.portonacional.to.gov.br\/wp-content\/uploads\/2025\/04\/SALA-DO-EMPREENDEDOR-00-3.png","type":"","width":"","height":""}],"twitter_card":"summary_large_image","twitter_misc":{"Est. tempo de leitura":"2 minutos"},"schema":{"@context":"https:\/\/schema.org","@graph":[{"@type":"WebPage","@id":"https:\/\/esic.portonacional.to.gov.br\/index.php\/sala-do-empreendedor\/","url":"https:\/\/esic.portonacional.to.gov.br\/index.php\/sala-do-empreendedor\/","name":"Sala do Empreendedor - Transpar\u00eancia Porto","isPartOf":{"@id":"https:\/\/esic.portonacional.to.gov.br\/#website"},"primaryImageOfPage":{"@id":"https:\/\/esic.portonacional.to.gov.br\/index.php\/sala-do-empreendedor\/#primaryimage"},"image":{"@id":"https:\/\/esic.portonacional.to.gov.br\/index.php\/sala-do-empreendedor\/#primaryimage"},"thumbnailUrl":"http:\/\/esic.portonacional.to.gov.br\/wp-content\/uploads\/2025\/04\/SALA-DO-EMPREENDEDOR-00-3.png","datePublished":"2025-04-30T14:06:22+00:00","dateModified":"2025-10-24T12:46:25+00:00","breadcrumb":{"@id":"https:\/\/esic.portonacional.to.gov.br\/index.php\/sala-do-empreendedor\/#breadcrumb"},"inLanguage":"pt-BR","potentialAction":[{"@type":"ReadAction","target":["https:\/\/esic.portonacional.to.gov.br\/index.php\/sala-do-empreendedor\/"]}]},{"@type":"ImageObject","inLanguage":"pt-BR","@id":"https:\/\/esic.portonacional.to.gov.br\/index.php\/sala-do-empreendedor\/#primaryimage","url":"https:\/\/esic.portonacional.to.gov.br\/wp-content\/uploads\/2025\/04\/SALA-DO-EMPREENDEDOR-00-3.png","contentUrl":"https:\/\/esic.portonacional.to.gov.br\/wp-content\/uploads\/2025\/04\/SALA-DO-EMPREENDEDOR-00-3.png","width":1484,"height":513},{"@type":"BreadcrumbList","@id":"https:\/\/esic.portonacional.to.gov.br\/index.php\/sala-do-empreendedor\/#breadcrumb","itemListElement":[{"@type":"ListItem","position":1,"name":"In\u00edcio","item":"https:\/\/esic.portonacional.to.gov.br\/"},{"@type":"ListItem","position":2,"name":"Sala do Empreendedor"}]},{"@type":"WebSite","@id":"https:\/\/esic.portonacional.to.gov.br\/#website","url":"https:\/\/esic.portonacional.to.gov.br\/","name":"Portal da Transpar\u00eancia Porto Nacional","description":"Portal da Transpar\u00eancia de Porto Nacional","publisher":{"@id":"https:\/\/esic.portonacional.to.gov.br\/#organization"},"alternateName":"Prefeitura de Porto Nacional","potentialAction":[{"@type":"SearchAction","target":{"@type":"EntryPoint","urlTemplate":"https:\/\/esic.portonacional.to.gov.br\/?s={search_term_string}"},"query-input":{"@type":"PropertyValueSpecification","valueRequired":true,"valueName":"search_term_string"}}],"inLanguage":"pt-BR"},{"@type":"Organization","@id":"https:\/\/esic.portonacional.to.gov.br\/#organization","name":"Prefeitura de Porto Nacional","url":"https:\/\/esic.portonacional.to.gov.br\/","logo":{"@type":"ImageObject","inLanguage":"pt-BR","@id":"https:\/\/esic.portonacional.to.gov.br\/#\/schema\/logo\/image\/","url":"https:\/\/esic.portonacional.to.gov.br\/wp-content\/uploads\/2025\/05\/LOGO-PREFEITURAA-2025.png","contentUrl":"https:\/\/esic.portonacional.to.gov.br\/wp-content\/uploads\/2025\/05\/LOGO-PREFEITURAA-2025.png","width":250,"height":119,"caption":"Prefeitura de Porto Nacional"},"image":{"@id":"https:\/\/esic.portonacional.to.gov.br\/#\/schema\/logo\/image\/"}}]}},"_links":{"self":[{"href":"https:\/\/esic.portonacional.to.gov.br\/index.php\/wp-json\/wp\/v2\/pages\/811","targetHints":{"allow":["GET"]}}],"collection":[{"href":"https:\/\/esic.portonacional.to.gov.br\/index.php\/wp-json\/wp\/v2\/pages"}],"about":[{"href":"https:\/\/esic.portonacional.to.gov.br\/index.php\/wp-json\/wp\/v2\/types\/page"}],"author":[{"embeddable":true,"href":"https:\/\/esic.portonacional.to.gov.br\/index.php\/wp-json\/wp\/v2\/users\/2"}],"replies":[{"embeddable":true,"href":"https:\/\/esic.portonacional.to.gov.br\/index.php\/wp-json\/wp\/v2\/comments?post=811"}],"version-history":[{"count":46,"href":"https:\/\/esic.portonacional.to.gov.br\/index.php\/wp-json\/wp\/v2\/pages\/811\/revisions"}],"predecessor-version":[{"id":1110,"href":"https:\/\/esic.portonacional.to.gov.br\/index.php\/wp-json\/wp\/v2\/pages\/811\/revisions\/1110"}],"wp:attachment":[{"href":"https:\/\/esic.portonacional.to.gov.br\/index.php\/wp-json\/wp\/v2\/media?parent=811"}],"curies":[{"name":"wp","href":"https:\/\/api.w.org\/{rel}","templated":true}]}}